{"id":10166,"date":"2025-07-01T20:44:49","date_gmt":"2025-07-01T20:44:49","guid":{"rendered":"https:\/\/cultura.guanajuato.gob.mx\/index.php\/evento\/odisea-musical-15-aniversario\/"},"modified":"2025-07-13T18:14:41","modified_gmt":"2025-07-13T18:14:41","slug":"odisea-musical-15-aniversario","status":"publish","type":"tribe_events","link":"https:\/\/cultura.guanajuato.gob.mx\/index.php\/evento\/odisea-musical-15-aniversario\/","title":{"rendered":"Odisea Musical \u201c15 Aniversario\u201d"},"content":{"rendered":"<p>El Coro y la Orquesta Sor Juana In\u00e9s de la Cruz surge en el a\u00f1o 2010. A trav\u00e9s de las letras de las canciones invita al p\u00fablico a hacer una reflexi\u00f3n sobre el contexto de lo que escuchamos en la m\u00fasica, promoviendo una cultura de paz mediante mensajes positivos. Este a\u00f1o el proyecto musical cumple 15 a\u00f1os de su fundaci\u00f3n es por ello por lo que en conjunto con el Coro Monumental de la Delegaci\u00f3n Regional de Le\u00f3n celebraremos este aniversario con un gran concierto lleno de m\u00fasica y baile, con la finalidad de fomentar la inclusi\u00f3n, la sana convivencia y la disminuci\u00f3n de la deserci\u00f3n escolar. Para tal tarea, se cuenta con la colaboraci\u00f3n de maestras y maestros que participan de forma voluntaria en la formaci\u00f3n musical y socio formativo de alumnas y alumnos, as\u00ed como la colaboraci\u00f3n de las escuelas que participan en el proyecto.<\/p>\n<p>Acceso gratuito con boleto. Los boletos ser\u00e1n entregados el s\u00e1bado 19 de julio en las taquillas del Teatro. M\u00e1ximo dos boletos por persona hasta agotar localidades.<\/p>\n","protected":false},"excerpt":{"rendered":"<p>Orquesta Sor Juana In\u00e9s de la Cruz y el Coro Monumental de la SEG.<\/p>\n","protected":false},"author":5,"featured_media":10541,"template":"","meta":{"_tribe_events_status":"","_tribe_events_status_reason":"","footnotes":""},"tags":[371,241,38,362,399,410,413,351],"tribe_events_cat":[349],"class_list":["post-10166","tribe_events","type-tribe_events","status-publish","hentry","tag-forum-cultural-guanajuato","tag-leon","tag-musica","tag-sala-principal-del-teatro-del-bicentenario-roberto-plasencia-saldana","tag-semana-29","tag-semana-29-leon","tag-semana-29-sala-principal-del-teatro-del-bicentenario-roberto-plasencia-saldana","tag-sin-costo","tribe_events_cat-musica","cat_musica"],"_links":{"self":[{"href":"https:\/\/cultura.guanajuato.gob.mx\/index.php\/wp-json\/wp\/v2\/tribe_events\/10166","targetHints":{"allow":["GET"]}}],"collection":[{"href":"https:\/\/cultura.guanajuato.gob.mx\/index.php\/wp-json\/wp\/v2\/tribe_events"}],"about":[{"href":"https:\/\/cultura.guanajuato.gob.mx\/index.php\/wp-json\/wp\/v2\/types\/tribe_events"}],"author":[{"embeddable":true,"href":"https:\/\/cultura.guanajuato.gob.mx\/index.php\/wp-json\/wp\/v2\/users\/5"}],"version-history":[{"count":2,"href":"https:\/\/cultura.guanajuato.gob.mx\/index.php\/wp-json\/wp\/v2\/tribe_events\/10166\/revisions"}],"predecessor-version":[{"id":10424,"href":"https:\/\/cultura.guanajuato.gob.mx\/index.php\/wp-json\/wp\/v2\/tribe_events\/10166\/revisions\/10424"}],"wp:featuredmedia":[{"embeddable":true,"href":"https:\/\/cultura.guanajuato.gob.mx\/index.php\/wp-json\/wp\/v2\/media\/10541"}],"wp:attachment":[{"href":"https:\/\/cultura.guanajuato.gob.mx\/index.php\/wp-json\/wp\/v2\/media?parent=10166"}],"wp:term":[{"taxonomy":"post_tag","embeddable":true,"href":"https:\/\/cultura.guanajuato.gob.mx\/index.php\/wp-json\/wp\/v2\/tags?post=10166"},{"taxonomy":"tribe_events_cat","embeddable":true,"href":"https:\/\/cultura.guanajuato.gob.mx\/index.php\/wp-json\/wp\/v2\/tribe_events_cat?post=10166"}],"curies":[{"name":"wp","href":"https:\/\/api.w.org\/{rel}","templated":true}]}}